{"id":21924,"date":"2020-05-12T15:29:03","date_gmt":"2020-05-12T13:29:03","guid":{"rendered":"https:\/\/montemedio.com\/?page_id=21924"},"modified":"2022-12-09T11:58:23","modified_gmt":"2022-12-09T10:58:23","slug":"corporate-event-annecy","status":"publish","type":"page","link":"https:\/\/montemedio.com\/en\/corporate-event-annecy\/","title":{"rendered":"Corporate event Annecy"},"content":{"rendered":"<div id=\"pl-21924\"  class=\"panel-layout\" ><div id=\"pg-21924-0\"  class=\"panel-grid panel-no-style\" ><div id=\"pgc-21924-0-0\"  class=\"panel-grid-cell\" ><div id=\"panel-21924-0-0-0\" class=\"so-panel widget widget_sow-editor panel-first-child panel-last-child\" data-index=\"0\" ><div\n\t\t\t\n\t\t\tclass=\"so-widget-sow-editor so-widget-sow-editor-base\"\n\t\t\t\n\t\t><h2 class=\"widget-title\">Dare to adventure as a team!<\/h2>\n<div class=\"siteorigin-widget-tinymce textwidget\">\n\t<p>Our team, a specialist in mountain sports in the Annecy basin for more than 20 years, has built up solid experience in the organization and supervision of sports outings and team building. With our wide choice of activities taking place in the heart of nature in a dream setting, your team will be able to live a unique sporting adventure outside of their usual work context.<\/p>\n<p>By organizing your business seminar in Annecy, you offer your employees the opportunity to get to know each other better, share a cool and friendly moment together, which helps to strengthen the team spirit and thus promote the well-being and motivation of your colleagues. Come and enjoy a stress-free day and offer your employees a day of sports and adventure as a team, the team will leave with more cohesion than ever.<\/p>\n<p>With our canyoning base located on the shore of Lake Annecy, a private Via Ferrata and our network of hoteliers and restaurateurs, come and spend an unforgettable moment in Haute Savoie, an ideal place to organize incentive seminars worthy of the name.<\/p>\n<\/div>\n<\/div><\/div><\/div><\/div><div id=\"pg-21924-1\"  class=\"panel-grid panel-no-style\" ><div id=\"pgc-21924-1-0\"  class=\"panel-grid-cell\" ><div id=\"panel-21924-1-0-0\" class=\"so-panel widget widget_media_video panel-first-child panel-last-child\" data-index=\"1\" ><div style=\"width:100%;\" class=\"wp-video\"><video class=\"wp-video-shortcode\" id=\"video-21924-1\" preload=\"metadata\" controls=\"controls\"><source type=\"video\/youtube\" src=\"https:\/\/youtu.be\/EfqG5HdJplo?_=1\" \/><a href=\"https:\/\/youtu.be\/EfqG5HdJplo\">https:\/\/youtu.be\/EfqG5HdJplo<\/a><\/video><\/div><\/div><\/div><\/div><div id=\"pg-21924-2\"  class=\"panel-grid panel-has-style\" ><div class=\"siteorigin-panels-stretch panel-row-style panel-row-style-for-21924-2\" data-stretch-type=\"full\" ><div id=\"pgc-21924-2-0\"  class=\"panel-grid-cell\" ><div id=\"panel-21924-2-0-0\" class=\"so-panel widget widget_text panel-first-child panel-last-child\" data-index=\"2\" ><h2 class=\"widget-title\">Business seminar: Choose the sporting activity that suits you<\/h2>\t\t\t<div class=\"textwidget\"><p>It is said that Annecy has become the European capital of outdoor sports\u2026 Indeed, the topography and the beauty of the places push the Ann\u00e9ciens to go and do sports in the middle of nature: a lake with blue lagoon waters with water at 25 degrees in summer , magnificent mountains which peak at 2500 meters above sea level and in winter ski resorts nearby.<\/p>\n<p>By organizing your seminar in Annecy, you will have the opportunity to enhance it with very beautiful activities supervised by our team.<\/p>\n<p>&nbsp;<\/p>\n<\/div>\n\t\t<\/div><\/div><\/div><\/div><div id=\"pg-21924-3\"  class=\"panel-grid panel-no-style\" ><div id=\"pgc-21924-3-0\"  class=\"panel-grid-cell\" ><div id=\"panel-21924-3-0-0\" class=\"so-panel widget widget_media_gallery panel-first-child panel-last-child\" data-index=\"3\" ><h2 class=\"widget-title\">They organized their seminar by the lake of Annecy<\/h2><div class=\"row\" data-lightgallery=\"group\">\n<div class=\"col-md-6\">\n<a class=\"thumbnail-modern-figure mb-4\" href=\"https:\/\/montemedio.com\/wp-content\/uploads\/2020\/04\/Se\u0301minaire-Annecy-Salomon.jpg\" data-lightgallery=\"item\">\n<img decoding=\"async\" src=\"https:\/\/montemedio.com\/wp-content\/uploads\/2020\/04\/Se\u0301minaire-Annecy-Salomon-570x400.jpg\" width=\"570\" height=\"400\" alt=\"\" class=\"gal-img\" \/>\n<\/a>\n<\/div>\n<div class=\"col-md-6\">\n<a class=\"thumbnail-modern-figure mb-4\" href=\"https:\/\/montemedio.com\/wp-content\/uploads\/2020\/04\/Se\u0301minaire-Annecy-Ikea.jpg\" data-lightgallery=\"item\">\n<img decoding=\"async\" src=\"https:\/\/montemedio.com\/wp-content\/uploads\/2020\/04\/Se\u0301minaire-Annecy-Ikea-570x400.jpg\" width=\"570\" height=\"400\" alt=\"\" class=\"gal-img\" \/>\n<\/a>\n<\/div>\n<div class=\"col-md-6\">\n<a class=\"thumbnail-modern-figure mb-4\" href=\"https:\/\/montemedio.com\/wp-content\/uploads\/2020\/04\/Se\u0301minaire-Annecy-Decathlon.jpg\" data-lightgallery=\"item\">\n<img decoding=\"async\" src=\"https:\/\/montemedio.com\/wp-content\/uploads\/2020\/04\/Se\u0301minaire-Annecy-Decathlon-570x400.jpg\" width=\"570\" height=\"400\" alt=\"\" class=\"gal-img\" \/>\n<\/a>\n<\/div>\n<div class=\"col-md-6\">\n<a class=\"thumbnail-modern-figure mb-4\" href=\"https:\/\/montemedio.com\/wp-content\/uploads\/2020\/04\/Se\u0301minaire-Annecy-EM-Lyon.jpg\" data-lightgallery=\"item\">\n<img decoding=\"async\" src=\"https:\/\/montemedio.com\/wp-content\/uploads\/2020\/04\/Se\u0301minaire-Annecy-EM-Lyon-570x400.jpg\" width=\"570\" height=\"400\" alt=\"\" class=\"gal-img\" \/>\n<\/a>\n<\/div>\n<\/div>\n<\/div><\/div><\/div><div id=\"pg-21924-4\"  class=\"panel-grid panel-has-style\" ><div class=\"red-section-faded siteorigin-panels-stretch panel-row-style panel-row-style-for-21924-4\" data-stretch-type=\"full\" ><div id=\"pgc-21924-4-0\"  class=\"panel-grid-cell\" ><div class=\"home-activities panel-cell-style panel-cell-style-for-21924-4-0\" ><div id=\"panel-21924-4-0-0\" class=\"so-panel widget widget_sow-editor panel-first-child panel-last-child\" data-index=\"4\" ><div class=\"panel-widget-style panel-widget-style-for-21924-4-0-0\" ><div\n\t\t\t\n\t\t\tclass=\"so-widget-sow-editor so-widget-sow-editor-base\"\n\t\t\t\n\t\t>\n<div class=\"siteorigin-widget-tinymce textwidget\">\n\t<h3 class=\"box-icon-classic-title\"><a href=\"https:\/\/montemedio.com\/en\/canyoning-annecy\/\">Canyoning<\/a><\/h3>\n<\/div>\n<\/div><\/div><\/div><\/div><\/div><div id=\"pgc-21924-4-1\"  class=\"panel-grid-cell\" ><div class=\"home-activities panel-cell-style panel-cell-style-for-21924-4-1\" ><div id=\"panel-21924-4-1-0\" class=\"so-panel widget widget_sow-editor panel-first-child panel-last-child\" data-index=\"5\" ><div class=\"panel-widget-style panel-widget-style-for-21924-4-1-0\" ><div\n\t\t\t\n\t\t\tclass=\"so-widget-sow-editor so-widget-sow-editor-base\"\n\t\t\t\n\t\t>\n<div class=\"siteorigin-widget-tinymce textwidget\">\n\t<h3 class=\"box-icon-classic-title\"><a href=\"https:\/\/montemedio.com\/en\/via-ferrata-annecy\/\">Via Ferrata<\/a><\/h3>\n<\/div>\n<\/div><\/div><\/div><\/div><\/div><div id=\"pgc-21924-4-2\"  class=\"panel-grid-cell\" ><div class=\"home-activities panel-cell-style panel-cell-style-for-21924-4-2\" ><div id=\"panel-21924-4-2-0\" class=\"so-panel widget widget_sow-editor panel-first-child panel-last-child\" data-index=\"6\" ><div class=\"panel-widget-style panel-widget-style-for-21924-4-2-0\" ><div\n\t\t\t\n\t\t\tclass=\"so-widget-sow-editor so-widget-sow-editor-base\"\n\t\t\t\n\t\t>\n<div class=\"siteorigin-widget-tinymce textwidget\">\n\t<h3 class=\"box-icon-classic-title\"><a href=\"https:\/\/montemedio.com\/en\/the-annecy-zip-line-path\/\">Zipline<\/a><\/h3>\n<\/div>\n<\/div><\/div><\/div><\/div><\/div><div id=\"pgc-21924-4-3\"  class=\"panel-grid-cell\" ><div class=\"home-activities panel-cell-style panel-cell-style-for-21924-4-3\" ><div id=\"panel-21924-4-3-0\" class=\"so-panel widget widget_sow-editor panel-first-child panel-last-child\" data-index=\"7\" ><div class=\"panel-widget-style panel-widget-style-for-21924-4-3-0\" ><div\n\t\t\t\n\t\t\tclass=\"so-widget-sow-editor so-widget-sow-editor-base\"\n\t\t\t\n\t\t>\n<div class=\"siteorigin-widget-tinymce textwidget\">\n\t<h3 class=\"box-icon-classic-title\"><a href=\"https:\/\/montemedio.com\/en\/snowshoeing-annecy\/\">Snowshoeing<\/a><\/h3>\n<\/div>\n<\/div><\/div><\/div><\/div><\/div><\/div><\/div><div id=\"pg-21924-5\"  class=\"panel-grid panel-no-style\" ><div id=\"pgc-21924-5-0\"  class=\"panel-grid-cell\" ><div id=\"panel-21924-5-0-0\" class=\"so-panel widget widget_mm-widget-faq panel-first-child panel-last-child\" data-index=\"8\" ><div\n\t\t\t\n\t\t\tclass=\"so-widget-mm-widget-faq so-widget-mm-widget-faq-base\"\n\t\t\t\n\t\t>  <div class=\"row row-30\">\n    <div class=\"col-12\">\n      <h2 class=\"text-left widget-title\">FAQ Need help organizing your corporate event in Annecy?<\/h2>\n    <\/div>\n  <\/div>\n\n<div class=\"row row-50 justify-content-center justify-content-xl-between row-faq position-relative\">\n    <div class=\"col-md-6 row-faq\">\n    <h3 class=\"red-text\">How to organize a good business seminar?<\/h3>\n    <p>Start by clearly defining the objectives of your team building and think about your exit theme. Taking your team to the mountains or to Annecy can be an excellent choice.\n\nDepending on the nature of your event, the programming should be adapted. Once you have defined your objectives and the theme to bring all your colleagues together, you will be able to start organizing your seminar. Plan an easy date for as many people as possible to participate, avoid holidays when your employees prefer to be with family and prioritize a working day when possible for your company. Employees will have the double feeling of profit since they will not be at their work station carrying out their usual tasks that day.\n\nOn the day of the seminar, focus on real cool and relaxing moments. The main purpose of your business seminar is to ensure that all of your employees can develop professionally and personally on a daily basis. It is therefore essential to offer them friendly activities, a good restaurant service (an aperitif dinner in the form of a high-quality buffet, a gourmet lunch in an establishment enjoying a breathtaking view of the Savoyard landscape, etc.), as well as 'a good evening under the sign of exchange and sharing.<\/p>\n  <\/div>\n    <div class=\"col-md-6 row-faq\">\n    <h3 class=\"red-text\">When is the best time to organize your corporate event in Annecy?<\/h3>\n    <p>What are the activities to be carried out in summer? Fill up on adrenaline while indulging in canyoning, speleology, paddle, via ferrata, ziplining, paragliding ... On land, on water or in the air, discover how to get your teams off the ground by outdoors with a professional team!\n\nWhat to do during the winter? Thanks to the mountains surrounding the Annecy basin, our team will also make you discover many activities through our most beautiful ski resorts. Choose from snowshoeing, cross-country skiing, or ice climbing. Nothing like a multi-activity day to strengthen team cohesion.\n\nOrganize your seminar on request, it is possible with Mont\u00e9 M\u00e9dio. Our packages and formulas are completely flexible and will meet all your requirements.<\/p>\n  <\/div>\n    <div class=\"col-md-6 row-faq\">\n    <h3 class=\"red-text\">Do you need additional services to organize your seminar?<\/h3>\n    <p>For any request, do not hesitate to contact our Mont\u00e9 M\u00e9dio teams. We will be happy to provide you with the help you need in organizing a professional (seminar) event. At Mont\u00e9 M\u00e9dio, we benefit from a large network of service providers and can therefore respond to all situations. So, no matter the size of your business or your budget, we will always be able to offer you a program of (sporting) and fun activities taking place in an exceptional setting, through our different sport and adventure formulas.\n\nCompose, thanks to our support, your event project in a unique place where change of scenery, thrills and relaxation will be there to motivate and reward your entire team.\n\nOrganize your seminar on request, it is possible with Mont\u00e9 M\u00e9dio. Our packages and formulas are completely flexible and will meet all your requirements.<\/p>\n  <\/div>\n  <\/div>\n\n<div class=\"row\">\n  <div class=\"col-12 text-center mt-4\" data-wow-delay=\".1s\">\n    <a href=\"#\" class=\"more-faq fa fa-angle-down active\"><\/a>\n  <\/div>\n<\/div><\/div><\/div><\/div><\/div><div id=\"pg-21924-6\"  class=\"panel-grid panel-no-style\" ><div id=\"pgc-21924-6-0\"  class=\"panel-grid-cell\" ><div id=\"panel-21924-6-0-0\" class=\"so-panel widget widget_sow-editor panel-first-child panel-last-child\" data-index=\"9\" ><div\n\t\t\t\n\t\t\tclass=\"so-widget-sow-editor so-widget-sow-editor-base\"\n\t\t\t\n\t\t><h2 class=\"widget-title\">Would you like more information?<\/h2>\n<div class=\"siteorigin-widget-tinymce textwidget\">\n\t\n<div class=\"wpcf7 no-js\" id=\"wpcf7-f24624-o1\" lang=\"en-US\" dir=\"ltr\" data-wpcf7-id=\"24624\">\n<div class=\"screen-reader-response\"><p role=\"status\" aria-live=\"polite\" aria-atomic=\"true\"><\/p> <ul><\/ul><\/div>\n<form action=\"\/en\/wp-json\/wp\/v2\/pages\/21924#wpcf7-f24624-o1\" method=\"post\" class=\"wpcf7-form init\" aria-label=\"Contact form\" novalidate=\"novalidate\" data-status=\"init\">\n<fieldset class=\"hidden-fields-container\"><input type=\"hidden\" name=\"_wpcf7\" value=\"24624\" \/><input type=\"hidden\" name=\"_wpcf7_version\" value=\"6.1.5\" \/><input type=\"hidden\" name=\"_wpcf7_locale\" value=\"en_US\" \/><input type=\"hidden\" name=\"_wpcf7_unit_tag\" value=\"wpcf7-f24624-o1\" \/><input type=\"hidden\" name=\"_wpcf7_container_post\" value=\"0\" \/><input type=\"hidden\" name=\"_wpcf7_posted_data_hash\" value=\"\" \/><input type=\"hidden\" name=\"_wpcf7_recaptcha_response\" value=\"\" \/>\n<\/fieldset>\n<div class=\"wpcf7-response-output\" aria-hidden=\"true\"><\/div>\n\n      <div class=\"row row-14 gutters-14\">\n        <div class=\"col-md-6\">\n          <div class=\"row row-14 gutters-14\">\n            <div class=\"col-md-6\">\n              <div class=\"form-wrap\">\n                <label class=\"form-label\" for=\"prenom\">Pr\u00e9nom<span>*<\/span><\/label>\n                <span class=\"wpcf7-form-control-wrap\" data-name=\"prenom\"><input size=\"40\" maxlength=\"400\" class=\"wpcf7-form-control wpcf7-text wpcf7-validates-as-required form-input\" id=\"prenom\" aria-required=\"true\" aria-invalid=\"false\" placeholder=\"Ex : John\" value=\"\" type=\"text\" name=\"prenom\" \/><\/span>\n              <\/div>\n            <\/div>\n            <div class=\"col-md-6\">\n              <div class=\"form-wrap\">\n                <label class=\"form-label\" for=\"nom\">Nom<span>*<\/span><\/label>\n                <span class=\"wpcf7-form-control-wrap\" data-name=\"nom\"><input size=\"40\" maxlength=\"400\" class=\"wpcf7-form-control wpcf7-text wpcf7-validates-as-required form-input\" id=\"nom\" aria-required=\"true\" aria-invalid=\"false\" placeholder=\"Ex : Doe\" value=\"\" type=\"text\" name=\"nom\" \/><\/span>\n              <\/div>\n            <\/div>\n          <\/div>\n          <div class=\"row row-14 gutters-14\">\n            <div class=\"col-md-6\">\n              <div class=\"form-wrap\">\n                <label class=\"form-label\" for=\"mail\">Email<span>*<\/span><\/label>\n                <span class=\"wpcf7-form-control-wrap\" data-name=\"mail\"><input size=\"40\" maxlength=\"400\" class=\"wpcf7-form-control wpcf7-email wpcf7-validates-as-required wpcf7-text wpcf7-validates-as-email form-input\" id=\"mail\" aria-required=\"true\" aria-invalid=\"false\" placeholder=\"Ex : john.doe@example.com\" value=\"\" type=\"email\" name=\"mail\" \/><\/span>\n              <\/div>\n            <\/div>\n            <div class=\"col-md-6\">\n              <div class=\"form-wrap\">\n                <label class=\"form-label\" for=\"telephone\">Telephone<\/label>\n                <span class=\"wpcf7-form-control-wrap\" data-name=\"telephone\"><input size=\"40\" maxlength=\"400\" class=\"wpcf7-form-control wpcf7-text form-input\" id=\"telephone\" aria-invalid=\"false\" placeholder=\"Ex : 06 12 13 05 30\" value=\"\" type=\"text\" name=\"telephone\" \/><\/span>\n              <\/div>\n            <\/div>\n          <\/div>\n        <\/div>\n        <div class=\"col-md-6\">\n          <div class=\"form-wrap\">\n            <label class=\"form-label\" for=\"message\">Message<span>*<\/span><\/label>\n            <span class=\"wpcf7-form-control-wrap\" data-name=\"message\"><textarea cols=\"40\" rows=\"10\" maxlength=\"2000\" class=\"wpcf7-form-control wpcf7-textarea wpcf7-validates-as-required form-input textarea-lg\" id=\"message\" aria-required=\"true\" aria-invalid=\"false\" placeholder=\"Votre message ici ...\" name=\"message\"><\/textarea><\/span>\n          <\/div>\n        <\/div>\n        <div class=\"col-12\">\n          <div class=\"form-wrap\">\n            <label class=\"checkbox-inline\">\n              <span class=\"wpcf7-form-control-wrap\" data-name=\"agree\"><span class=\"wpcf7-form-control wpcf7-checkbox\"><span class=\"wpcf7-list-item first last\"><input type=\"checkbox\" name=\"agree[]\" value=\"J\u2019accepte votre politique de confidentialit\u00e9\" \/><span class=\"wpcf7-list-item-label\">J\u2019accepte votre politique de confidentialit\u00e9<\/span><\/span><\/span><\/span>\n            <\/label>\n          <\/div>\n        <\/div>\n      <\/div>\n      <button id=\"submit\" class=\"wpcf7-form-control wpcf7-submit button button-primary button-pipaluk\" type=\"submit\">Envoyer<\/button>\n<input class=\"wpcf7-form-control wpcf7-hidden\" value=\"\" type=\"hidden\" name=\"page-title\" \/>\n<input class=\"wpcf7-form-control wpcf7-hidden\" value=\"\" type=\"hidden\" name=\"page-url\" \/>\n<\/form>\n<\/div>\n\n<\/div>\n<\/div><\/div><\/div><\/div><\/div>","protected":false},"excerpt":{"rendered":"<p>Our team, a specialist in mountain sports in the Annecy basin for more than 20 years, has built up solid experience in the organization and supervision of sports outings and team building. With our wide choice of activities taking place in the heart of nature in a dream setting, your team will be able to [&hellip;]<\/p>\n","protected":false},"author":1,"featured_media":21929,"parent":0,"menu_order":0,"comment_status":"closed","ping_status":"closed","template":"","meta":{"footnotes":""},"class_list":["post-21924","page","type-page","status-publish","has-post-thumbnail","hentry"],"yoast_head":"<!-- This site is optimized with the Yoast SEO Premium plugin v27.3 (Yoast SEO v27.4) - https:\/\/yoast.com\/product\/yoast-seo-premium-wordpress\/ -->\n<title>Corporate event Annecy &#8211; Canyoning Annecy et Sport Mont\u00e9 M\u00e9dio<\/title>\n<meta name=\"description\" content=\"Organize your next corporate event in Annecy with Mont\u00e9 M\u00e9dio. Specialist in mountain sports in Annecy for more than 20 years.\" \/>\n<meta name=\"robots\" content=\"index, follow, max-snippet:-1, max-image-preview:large, max-video-preview:-1\" \/>\n<link rel=\"canonical\" href=\"https:\/\/montemedio.com\/en\/corporate-event-annecy\/\" \/>\n<meta property=\"og:locale\" content=\"en_US\" \/>\n<meta property=\"og:type\" content=\"article\" \/>\n<meta property=\"og:title\" content=\"Corporate event Annecy\" \/>\n<meta property=\"og:description\" content=\"Organize your next corporate event in Annecy with Mont\u00e9 M\u00e9dio. Specialist in mountain sports in Annecy for more than 20 years.\" \/>\n<meta property=\"og:url\" content=\"https:\/\/montemedio.com\/en\/corporate-event-annecy\/\" \/>\n<meta property=\"og:site_name\" content=\"Canyoning Annecy et Sport Mont\u00e9 M\u00e9dio\" \/>\n<meta property=\"article:publisher\" content=\"https:\/\/www.facebook.com\/montemedio\/\" \/>\n<meta property=\"article:modified_time\" content=\"2022-12-09T10:58:23+00:00\" \/>\n<meta property=\"og:image\" content=\"https:\/\/montemedio.com\/wp-content\/uploads\/2020\/05\/Corporate-Event-Annecy-Monte-Medio.jpg\" \/>\n\t<meta property=\"og:image:width\" content=\"1200\" \/>\n\t<meta property=\"og:image:height\" content=\"675\" \/>\n\t<meta property=\"og:image:type\" content=\"image\/jpeg\" \/>\n<meta name=\"twitter:card\" content=\"summary_large_image\" \/>\n<meta name=\"twitter:label1\" content=\"Est. reading time\" \/>\n\t<meta name=\"twitter:data1\" content=\"2 minutes\" \/>\n<script type=\"application\/ld+json\" class=\"yoast-schema-graph\">{\"@context\":\"https:\\\/\\\/schema.org\",\"@graph\":[{\"@type\":\"WebPage\",\"@id\":\"https:\\\/\\\/montemedio.com\\\/en\\\/corporate-event-annecy\\\/\",\"url\":\"https:\\\/\\\/montemedio.com\\\/en\\\/corporate-event-annecy\\\/\",\"name\":\"Corporate event Annecy &#8211; Canyoning Annecy et Sport Mont\u00e9 M\u00e9dio\",\"isPartOf\":{\"@id\":\"https:\\\/\\\/montemedio.com\\\/en\\\/#website\"},\"primaryImageOfPage\":{\"@id\":\"https:\\\/\\\/montemedio.com\\\/en\\\/corporate-event-annecy\\\/#primaryimage\"},\"image\":{\"@id\":\"https:\\\/\\\/montemedio.com\\\/en\\\/corporate-event-annecy\\\/#primaryimage\"},\"thumbnailUrl\":\"https:\\\/\\\/montemedio.com\\\/wp-content\\\/uploads\\\/2020\\\/05\\\/Corporate-Event-Annecy-Monte-Medio.jpg\",\"datePublished\":\"2020-05-12T13:29:03+00:00\",\"dateModified\":\"2022-12-09T10:58:23+00:00\",\"description\":\"Organize your next corporate event in Annecy with Mont\u00e9 M\u00e9dio. Specialist in mountain sports in Annecy for more than 20 years.\",\"breadcrumb\":{\"@id\":\"https:\\\/\\\/montemedio.com\\\/en\\\/corporate-event-annecy\\\/#breadcrumb\"},\"inLanguage\":\"en-US\",\"potentialAction\":[{\"@type\":\"ReadAction\",\"target\":[\"https:\\\/\\\/montemedio.com\\\/en\\\/corporate-event-annecy\\\/\"]}]},{\"@type\":\"ImageObject\",\"inLanguage\":\"en-US\",\"@id\":\"https:\\\/\\\/montemedio.com\\\/en\\\/corporate-event-annecy\\\/#primaryimage\",\"url\":\"https:\\\/\\\/montemedio.com\\\/wp-content\\\/uploads\\\/2020\\\/05\\\/Corporate-Event-Annecy-Monte-Medio.jpg\",\"contentUrl\":\"https:\\\/\\\/montemedio.com\\\/wp-content\\\/uploads\\\/2020\\\/05\\\/Corporate-Event-Annecy-Monte-Medio.jpg\",\"width\":1200,\"height\":675,\"caption\":\"corporate-event-annecy\"},{\"@type\":\"BreadcrumbList\",\"@id\":\"https:\\\/\\\/montemedio.com\\\/en\\\/corporate-event-annecy\\\/#breadcrumb\",\"itemListElement\":[{\"@type\":\"ListItem\",\"position\":1,\"name\":\"Homepage\",\"item\":\"https:\\\/\\\/montemedio.com\\\/en\\\/\"},{\"@type\":\"ListItem\",\"position\":2,\"name\":\"Corporate event Annecy\"}]},{\"@type\":\"WebSite\",\"@id\":\"https:\\\/\\\/montemedio.com\\\/en\\\/#website\",\"url\":\"https:\\\/\\\/montemedio.com\\\/en\\\/\",\"name\":\"Canyoning Annecy et Sport Mont\u00e9 M\u00e9dio\",\"description\":\"Partez en qu\u00eate d&#039;\u00e9chapp\u00e9es belles\",\"potentialAction\":[{\"@type\":\"SearchAction\",\"target\":{\"@type\":\"EntryPoint\",\"urlTemplate\":\"https:\\\/\\\/montemedio.com\\\/en\\\/?s={search_term_string}\"},\"query-input\":{\"@type\":\"PropertyValueSpecification\",\"valueRequired\":true,\"valueName\":\"search_term_string\"}}],\"inLanguage\":\"en-US\"}]}<\/script>\n<!-- \/ Yoast SEO Premium plugin. -->","yoast_head_json":{"title":"Corporate event Annecy &#8211; Canyoning Annecy et Sport Mont\u00e9 M\u00e9dio","description":"Organize your next corporate event in Annecy with Mont\u00e9 M\u00e9dio. Specialist in mountain sports in Annecy for more than 20 years.","robots":{"index":"index","follow":"follow","max-snippet":"max-snippet:-1","max-image-preview":"max-image-preview:large","max-video-preview":"max-video-preview:-1"},"canonical":"https:\/\/montemedio.com\/en\/corporate-event-annecy\/","og_locale":"en_US","og_type":"article","og_title":"Corporate event Annecy","og_description":"Organize your next corporate event in Annecy with Mont\u00e9 M\u00e9dio. Specialist in mountain sports in Annecy for more than 20 years.","og_url":"https:\/\/montemedio.com\/en\/corporate-event-annecy\/","og_site_name":"Canyoning Annecy et Sport Mont\u00e9 M\u00e9dio","article_publisher":"https:\/\/www.facebook.com\/montemedio\/","article_modified_time":"2022-12-09T10:58:23+00:00","og_image":[{"width":1200,"height":675,"url":"https:\/\/montemedio.com\/wp-content\/uploads\/2020\/05\/Corporate-Event-Annecy-Monte-Medio.jpg","type":"image\/jpeg"}],"twitter_card":"summary_large_image","twitter_misc":{"Est. reading time":"2 minutes"},"schema":{"@context":"https:\/\/schema.org","@graph":[{"@type":"WebPage","@id":"https:\/\/montemedio.com\/en\/corporate-event-annecy\/","url":"https:\/\/montemedio.com\/en\/corporate-event-annecy\/","name":"Corporate event Annecy &#8211; Canyoning Annecy et Sport Mont\u00e9 M\u00e9dio","isPartOf":{"@id":"https:\/\/montemedio.com\/en\/#website"},"primaryImageOfPage":{"@id":"https:\/\/montemedio.com\/en\/corporate-event-annecy\/#primaryimage"},"image":{"@id":"https:\/\/montemedio.com\/en\/corporate-event-annecy\/#primaryimage"},"thumbnailUrl":"https:\/\/montemedio.com\/wp-content\/uploads\/2020\/05\/Corporate-Event-Annecy-Monte-Medio.jpg","datePublished":"2020-05-12T13:29:03+00:00","dateModified":"2022-12-09T10:58:23+00:00","description":"Organize your next corporate event in Annecy with Mont\u00e9 M\u00e9dio. Specialist in mountain sports in Annecy for more than 20 years.","breadcrumb":{"@id":"https:\/\/montemedio.com\/en\/corporate-event-annecy\/#breadcrumb"},"inLanguage":"en-US","potentialAction":[{"@type":"ReadAction","target":["https:\/\/montemedio.com\/en\/corporate-event-annecy\/"]}]},{"@type":"ImageObject","inLanguage":"en-US","@id":"https:\/\/montemedio.com\/en\/corporate-event-annecy\/#primaryimage","url":"https:\/\/montemedio.com\/wp-content\/uploads\/2020\/05\/Corporate-Event-Annecy-Monte-Medio.jpg","contentUrl":"https:\/\/montemedio.com\/wp-content\/uploads\/2020\/05\/Corporate-Event-Annecy-Monte-Medio.jpg","width":1200,"height":675,"caption":"corporate-event-annecy"},{"@type":"BreadcrumbList","@id":"https:\/\/montemedio.com\/en\/corporate-event-annecy\/#breadcrumb","itemListElement":[{"@type":"ListItem","position":1,"name":"Homepage","item":"https:\/\/montemedio.com\/en\/"},{"@type":"ListItem","position":2,"name":"Corporate event Annecy"}]},{"@type":"WebSite","@id":"https:\/\/montemedio.com\/en\/#website","url":"https:\/\/montemedio.com\/en\/","name":"Canyoning Annecy et Sport Mont\u00e9 M\u00e9dio","description":"Partez en qu\u00eate d&#039;\u00e9chapp\u00e9es belles","potentialAction":[{"@type":"SearchAction","target":{"@type":"EntryPoint","urlTemplate":"https:\/\/montemedio.com\/en\/?s={search_term_string}"},"query-input":{"@type":"PropertyValueSpecification","valueRequired":true,"valueName":"search_term_string"}}],"inLanguage":"en-US"}]}},"_links":{"self":[{"href":"https:\/\/montemedio.com\/en\/wp-json\/wp\/v2\/pages\/21924","targetHints":{"allow":["GET"]}}],"collection":[{"href":"https:\/\/montemedio.com\/en\/wp-json\/wp\/v2\/pages"}],"about":[{"href":"https:\/\/montemedio.com\/en\/wp-json\/wp\/v2\/types\/page"}],"author":[{"embeddable":true,"href":"https:\/\/montemedio.com\/en\/wp-json\/wp\/v2\/users\/1"}],"replies":[{"embeddable":true,"href":"https:\/\/montemedio.com\/en\/wp-json\/wp\/v2\/comments?post=21924"}],"version-history":[{"count":4,"href":"https:\/\/montemedio.com\/en\/wp-json\/wp\/v2\/pages\/21924\/revisions"}],"predecessor-version":[{"id":29013,"href":"https:\/\/montemedio.com\/en\/wp-json\/wp\/v2\/pages\/21924\/revisions\/29013"}],"wp:featuredmedia":[{"embeddable":true,"href":"https:\/\/montemedio.com\/en\/wp-json\/wp\/v2\/media\/21929"}],"wp:attachment":[{"href":"https:\/\/montemedio.com\/en\/wp-json\/wp\/v2\/media?parent=21924"}],"curies":[{"name":"wp","href":"https:\/\/api.w.org\/{rel}","templated":true}]}}